{"id":30,"date":"2016-09-28T02:04:06","date_gmt":"2016-09-28T02:04:06","guid":{"rendered":"http:\/\/www.linsem.cl\/?page_id=30"},"modified":"2019-05-07T14:33:29","modified_gmt":"2019-05-07T14:33:29","slug":"historia-del-colegio","status":"publish","type":"page","link":"http:\/\/www.linsem.cl\/?page_id=30","title":{"rendered":"Historia del Colegio"},"content":{"rendered":"<div class=\"page\" title=\"Page 1\">\n<div class=\"layoutArea\">\n<div class=\"column\"><a href=\"http:\/\/www.linsem.cl\/wp-content\/uploads\/2019\/05\/Estanislao_Godoy.png\"><img loading=\"lazy\" class=\"size-medium wp-image-2704 alignleft\" src=\"http:\/\/www.linsem.cl\/wp-content\/uploads\/2019\/05\/Estanislao_Godoy-221x300.png\" alt=\"\" width=\"221\" height=\"300\" srcset=\"http:\/\/www.linsem.cl\/wp-content\/uploads\/2019\/05\/Estanislao_Godoy-221x300.png 221w, http:\/\/www.linsem.cl\/wp-content\/uploads\/2019\/05\/Estanislao_Godoy.png 323w\" sizes=\"(max-width: 221px) 100vw, 221px\" \/><\/a>En la ciudad de San Carlos, por iniciativa del presbi\u0301tero Estanislao Godoy Soto, fue creado el establecimiento con el nombre de Escuela Particular N\u00b0 5 \u00abTeodosia Retamal Salvo\u00bb en el an\u0303o 1948, en estos inicios el local no reuni\u0301a las condiciones para funcionar como tal, afortunadamente en el mismo an\u0303o, la sen\u0303ora Mari\u0301a Henri\u0301quez dona un terreno y otros bienes a la Parroquia, ubicado en calle Balmaceda con Freire para que se construyera un colegio, obra en beneficio de la nin\u0303ez sancarlina y que llevara el nombre&nbsp;de su padre Don Francisco Henri\u0301quez.<\/p>\n<\/div>\n<\/div>\n<\/div>\n<div class=\"page\" title=\"Page 1\">\n<div class=\"layoutArea\">\n<div class=\"column\">\n<p><a href=\"http:\/\/www.linsem.cl\/wp-content\/uploads\/2019\/05\/historia.png\"><img loading=\"lazy\" class=\"size-medium wp-image-2705 alignleft\" src=\"http:\/\/www.linsem.cl\/wp-content\/uploads\/2019\/05\/historia-300x199.png\" alt=\"\" width=\"300\" height=\"199\" srcset=\"http:\/\/www.linsem.cl\/wp-content\/uploads\/2019\/05\/historia-300x199.png 300w, http:\/\/www.linsem.cl\/wp-content\/uploads\/2019\/05\/historia.png 747w\" sizes=\"(max-width: 300px) 100vw, 300px\" \/><\/a> <a href=\"http:\/\/www.linsem.cl\/wp-content\/uploads\/2019\/05\/historia2.png\"><img loading=\"lazy\" class=\"size-medium wp-image-2706 alignnone\" src=\"http:\/\/www.linsem.cl\/wp-content\/uploads\/2019\/05\/historia2-221x300.png\" alt=\"\" width=\"221\" height=\"300\" srcset=\"http:\/\/www.linsem.cl\/wp-content\/uploads\/2019\/05\/historia2-221x300.png 221w, http:\/\/www.linsem.cl\/wp-content\/uploads\/2019\/05\/historia2.png 360w\" sizes=\"(max-width: 221px) 100vw, 221px\" \/><\/a><\/p>\n<p>&nbsp;<\/p>\n<p>\u00bfC\u00f3mo llegan las Religiosas Mercedarias Francesas a San Carlos?<\/p>\n<\/div>\n<\/div>\n<\/div>\n<div class=\"page\" title=\"Page 3\">&nbsp;<\/div>\n<div class=\"page\" title=\"Page 3\"><a href=\"http:\/\/www.linsem.cl\/wp-content\/uploads\/2019\/05\/historia3.png\"><img loading=\"lazy\" class=\"size-medium wp-image-2707 alignright\" src=\"http:\/\/www.linsem.cl\/wp-content\/uploads\/2019\/05\/historia3-203x300.png\" alt=\"\" width=\"203\" height=\"300\" srcset=\"http:\/\/www.linsem.cl\/wp-content\/uploads\/2019\/05\/historia3-203x300.png 203w, http:\/\/www.linsem.cl\/wp-content\/uploads\/2019\/05\/historia3.png 332w\" sizes=\"(max-width: 203px) 100vw, 203px\" \/><\/a>Cuenta la historia que dicha donaci\u00f3n fue recibida por&nbsp;monse\u00f1or Eladio Vicu\u00f1a, quien en una visita \u00abAd-Limina\u00bb al&nbsp;Santo Padre en el Vaticano &#8211; Roma, sali\u00f3 con el prop\u00f3sito de&nbsp;entregar el colegio a una congregaci\u00f3n religiosa y deja esta&nbsp;decisi\u00f3n en manos del Esp\u00edritu Santo, se\u00f1alando que aquella&nbsp;congregaci\u00f3n que primero se cruzase en su camino se le&nbsp;ofrecer\u00eda el servicio. Aconteci\u00f3 que una hermana Mercedaria&nbsp;se cruz\u00f3 con Monse\u00f1or en una calle del Vaticano y se dio&nbsp;inicio al ofrecimiento prometido, siendo aceptado \u00e9ste por&nbsp;la Madre General de la congregaci\u00f3n. Es as\u00ed como en abril de 1959 las Religiosas Mercedarias Francesas llegan a San&nbsp;Carlos y asumen como profesoras de los distintos cursos del&nbsp;establecimiento. El director fue el Reverendo Padre Eloy&nbsp;Parra Irribarra.<\/div>\n<div class=\"page\" title=\"Page 3\">&nbsp;<\/div>\n<div class=\"page\" title=\"Page 3\">&nbsp;<\/div>\n<div class=\"page\" title=\"Page 3\">&nbsp;<\/div>\n<div class=\"page\" title=\"Page 3\">&nbsp;<\/div>\n<p><!--nextpage--><\/p>\n<div class=\"page\" title=\"Page 3\">\n<p><a href=\"http:\/\/www.linsem.cl\/wp-content\/uploads\/2019\/05\/historia4.png\"><img loading=\"lazy\" class=\" wp-image-2714 alignright\" src=\"http:\/\/www.linsem.cl\/wp-content\/uploads\/2019\/05\/historia4-292x300.png\" alt=\"\" width=\"250\" height=\"257\" srcset=\"http:\/\/www.linsem.cl\/wp-content\/uploads\/2019\/05\/historia4-292x300.png 292w, http:\/\/www.linsem.cl\/wp-content\/uploads\/2019\/05\/historia4.png 457w\" sizes=\"(max-width: 250px) 100vw, 250px\" \/><\/a>En el a\u00f1o 1960 se cambia legalmente el nombre del colegio, pas\u00e1ndose a llamar Escuela Particular N\u00b0 5 Francisco Henr\u00edquez. En 1962 asume como sostenedor Monse\u00f1or Desiderio Medina.<\/p>\n<p>La primera comunidad religiosa estuvo formada por&nbsp;Sor Elvira Loredo (superiora), Sor Melania Ram\u00edrez,&nbsp;Sor Asunta, Sor Mercedes Mesa y Sor Gertrudis&nbsp;Morales.<br \/>\nTanto la escuela como la casa habitaci\u00f3n de las&nbsp;religiosas pertenec\u00edan al Obispado de Chill\u00e1n. En julio de 1973, siendo Superiora Provincial Madre Lucina&nbsp;Uda, se realiza la compraventa de ambas construcciones pasando a ser propiedad de la&nbsp;Congregaci\u00f3n.<\/p>\n<p>&nbsp;<\/p>\n<\/div>\n<hr>\n<p><a href=\"http:\/\/www.linsem.cl\/wp-content\/uploads\/2019\/05\/historia5.png\"><img loading=\"lazy\" class=\" wp-image-2717 alignright\" src=\"http:\/\/www.linsem.cl\/wp-content\/uploads\/2019\/05\/historia5-300x298.png\" alt=\"\" width=\"204\" height=\"202\" srcset=\"http:\/\/www.linsem.cl\/wp-content\/uploads\/2019\/05\/historia5-300x298.png 300w, http:\/\/www.linsem.cl\/wp-content\/uploads\/2019\/05\/historia5-150x150.png 150w, http:\/\/www.linsem.cl\/wp-content\/uploads\/2019\/05\/historia5.png 458w\" sizes=\"(max-width: 204px) 100vw, 204px\" \/><\/a>Como escuela funcion\u00f3 18 a\u00f1os. Bajo la direcci\u00f3n de Sor Rosa Verdugo, se crea la \u201cEnse\u00f1anza Media Human\u00edstica-Cient\u00edfica\u201d, en el a\u00f1o 1975, la que funcion\u00f3 como tal 19 a\u00f1os. Como se hizo necesaria la construcci\u00f3n de nuevas dependencias, entre los a\u00f1os 1983 y 1985, se construyen 10 nuevas salas completando la construcci\u00f3n hasta calle Vicu\u00f1a Mackenna. De este Liceo egresan excelentes alumnos los que hoy, transformados en profesionales, ocupan importantes cargos y ejercen su profesi\u00f3n en distintos sectores de nuestra comuna, como en otras regiones, donde el Se\u00f1or los ha llevado a prestar sus servicios.<\/p>\n<p>&nbsp;<\/p>\n<hr>\n<p><a href=\"http:\/\/www.linsem.cl\/wp-content\/uploads\/2019\/05\/historia6.png\"><img loading=\"lazy\" class=\"size-medium wp-image-2723 alignleft\" src=\"http:\/\/www.linsem.cl\/wp-content\/uploads\/2019\/05\/historia6-300x218.png\" alt=\"\" width=\"300\" height=\"218\" srcset=\"http:\/\/www.linsem.cl\/wp-content\/uploads\/2019\/05\/historia6-300x218.png 300w, http:\/\/www.linsem.cl\/wp-content\/uploads\/2019\/05\/historia6.png 556w\" sizes=\"(max-width: 300px) 100vw, 300px\" \/><\/a>En el a\u00f1o 1991, bajo la direcci\u00f3n de Sor Elena Ruiz Navarro, se realiza un estudio de las necesidades de la poblaci\u00f3n y se descubre que hac\u00eda falta en la ciudad un Liceo T\u00e9cnico Profesional, desde ese momento la direcci\u00f3n y equipo de profesores no escatimaron esfuerzos ni sacrificios, para hacer realidad este anhelo. La Congregaci\u00f3n incurri\u00f3 en desvelos y enormes gastos hasta lograr el<br \/>\nobjetivo propuesto, y as\u00ed el 27 de abril de&nbsp;1993, con la Resoluci\u00f3n N\u00b0 532 de la Secretar\u00eda Regional Ministerial de Educaci\u00f3n, se reconoce y autoriza a impartir una carrera t\u00e9cnica,&nbsp;pasando el liceo a ser T\u00e9cnico Profesional, dictando la carrera de \u201cT\u00e9cnico en&nbsp;Administraci\u00f3n\u201d.<!--nextpage--><\/p>\n<p>A partir del 01 de agosto de 1992 por&nbsp;Resoluci\u00f3n Exenta N\u00b0 2322 de Secreduc,&nbsp;el liceo pasa a llevar el nombre de&nbsp;Nuestra Patrona: \u00abNuestra Se\u00f1ora de la&nbsp;Merced\u00bb, continuando la escuela con su&nbsp;nombre de origen.<\/p>\n<p><a href=\"http:\/\/www.linsem.cl\/wp-content\/uploads\/2019\/05\/historia7.png\"><img loading=\"lazy\" class=\"size-medium wp-image-2725 alignright\" src=\"http:\/\/www.linsem.cl\/wp-content\/uploads\/2019\/05\/historia7-300x222.png\" alt=\"\" width=\"300\" height=\"222\" srcset=\"http:\/\/www.linsem.cl\/wp-content\/uploads\/2019\/05\/historia7-300x222.png 300w, http:\/\/www.linsem.cl\/wp-content\/uploads\/2019\/05\/historia7.png 640w\" sizes=\"(max-width: 300px) 100vw, 300px\" \/><\/a>En el a\u00f1o 1993 se logra uno de los sue\u00f1os m\u00e1s anhelados por la Comunidad Educativa, se inaugura el Gimnasio deportivo en calle Vicu\u00f1a Mackenna.<br \/>\nPero no estaba todo concluido, la&nbsp;infraestructura se hizo insuficiente y poco a poco, siempre con mucho esfuerzo, se han ido&nbsp;construyendo m\u00e1s salas, es as\u00ed como el 3 de julio de 1998 bajo la direcci\u00f3n de Sor Amelia&nbsp;Basai Nu\u00f1ez se inaugura cinco nuevas salas , donde tres de ellas se ubican en un segundo&nbsp;piso por calle Vicu\u00f1a Mackenna.<\/p>\n<p>Bajo la direcci\u00f3n de Sor Carmen Rodr\u00edguez en el a\u00f1o 2002, por la excelente educaci\u00f3n&nbsp;T\u00e9cnico Profesional impartida por el liceo, se hace necesaria la ampliaci\u00f3n a cursos&nbsp;paralelos en la Ense\u00f1anza media.<\/p>\n<p>As\u00ed tambi\u00e9n en este per\u00edodo se adquiere un terreno ubicado en calle Ram\u00f3n Freire, donde&nbsp;se construy\u00f3 un moderno edificio que alberga a la ense\u00f1anza Parvularia, inaugur\u00e1ndose en&nbsp;el a\u00f1o 2002, siendo \u00e9ste uno de los tantos sue\u00f1os que anhelaron anteriores directoras.<\/p>\n<p>Bajo la Direcci\u00f3n de Sor Teresita Campos Leiva, unida a un gran esfuerzo de la Comunidad&nbsp;religiosa, se concluye edificio con cuatro modernas salas y oficinas, que albergan al primer&nbsp;ciclo b\u00e1sico, las que se inauguran en el a\u00f1o 2003. En el mismo a\u00f1o se ampl\u00eda la educaci\u00f3n&nbsp;Parvularia en el nivel Transici\u00f3n Uno, aumentando a dos cursos en el a\u00f1o 2004.<\/p>\n<p>Bajo la misma direcci\u00f3n, se adquiere una nueva propiedad colindante que es utilizada para&nbsp;la atenci\u00f3n de alumnos y apoderados, favoreciendo a los Departamentos de Orientaci\u00f3n y&nbsp;Pastoral.<br \/>\nEn el transcurso de los a\u00f1os 2008 &#8211; 2009, siendo directora Sor Florisia V\u00e1squez Hern\u00e1ndez,&nbsp;se construye el actual y moderno edificio del liceo, el que se inaugura en el a\u00f1o 2010.<br \/>\nTambi\u00e9n en esta administraci\u00f3n se decide volver a implementar la Ense\u00f1anza Human\u00edstico&nbsp;Cient\u00edfica como una forma de dar respuesta a la vocaci\u00f3n que desde a\u00f1os solicitaba un&nbsp;sector de la comunidad educativa.<\/p>\n<p>Actualmente el colegio tiene 32 cursos, desde ense\u00f1anza Preb\u00e1sica hasta las ense\u00f1anzas&nbsp;media T\u00e9cnico Profesional y Human\u00edstico cient\u00edfica.<\/p>\n<p><a href=\"http:\/\/www.linsem.cl\/wp-content\/uploads\/2019\/05\/historia8.png\"><img loading=\"lazy\" class=\"aligncenter wp-image-2727 size-large\" src=\"http:\/\/www.linsem.cl\/wp-content\/uploads\/2019\/05\/historia8-1024x769.png\" alt=\"\" width=\"640\" height=\"481\" srcset=\"http:\/\/www.linsem.cl\/wp-content\/uploads\/2019\/05\/historia8-1024x769.png 1024w, http:\/\/www.linsem.cl\/wp-content\/uploads\/2019\/05\/historia8-300x225.png 300w, http:\/\/www.linsem.cl\/wp-content\/uploads\/2019\/05\/historia8-768x577.png 768w, http:\/\/www.linsem.cl\/wp-content\/uploads\/2019\/05\/historia8-285x214.png 285w, http:\/\/www.linsem.cl\/wp-content\/uploads\/2019\/05\/historia8.png 1026w\" sizes=\"(max-width: 640px) 100vw, 640px\" \/><\/a><\/p>\n<p>&nbsp;<\/p>\n","protected":false},"excerpt":{"rendered":"<p>En la ciudad de San Carlos, por iniciativa del presbi\u0301tero Estanislao Godoy Soto, fue creado el establecimiento con el nombre de Escuela Particular N\u00b0 5 \u00abTeodosia Retamal Salvo\u00bb en el an\u0303o 1948, en estos inicios el local no reuni\u0301a las condiciones para funcionar como tal, afortunadamente en el mismo an\u0303o, la sen\u0303ora Mari\u0301a Henri\u0301quez dona<a href=\"http:\/\/www.linsem.cl\/?page_id=30\">[&#8230;]<\/a><\/p>\n","protected":false},"author":1,"featured_media":0,"parent":24,"menu_order":3,"comment_status":"closed","ping_status":"closed","template":"","meta":{"ngg_post_thumbnail":0},"_links":{"self":[{"href":"http:\/\/www.linsem.cl\/index.php?rest_route=\/wp\/v2\/pages\/30"}],"collection":[{"href":"http:\/\/www.linsem.cl\/index.php?rest_route=\/wp\/v2\/pages"}],"about":[{"href":"http:\/\/www.linsem.cl\/index.php?rest_route=\/wp\/v2\/types\/page"}],"author":[{"embeddable":true,"href":"http:\/\/www.linsem.cl\/index.php?rest_route=\/wp\/v2\/users\/1"}],"replies":[{"embeddable":true,"href":"http:\/\/www.linsem.cl\/index.php?rest_route=%2Fwp%2Fv2%2Fcomments&post=30"}],"version-history":[{"count":22,"href":"http:\/\/www.linsem.cl\/index.php?rest_route=\/wp\/v2\/pages\/30\/revisions"}],"predecessor-version":[{"id":3700,"href":"http:\/\/www.linsem.cl\/index.php?rest_route=\/wp\/v2\/pages\/30\/revisions\/3700"}],"up":[{"embeddable":true,"href":"http:\/\/www.linsem.cl\/index.php?rest_route=\/wp\/v2\/pages\/24"}],"wp:attachment":[{"href":"http:\/\/www.linsem.cl\/index.php?rest_route=%2Fwp%2Fv2%2Fmedia&parent=30"}],"curies":[{"name":"wp","href":"https:\/\/api.w.org\/{rel}","templated":true}]}}